{"id":1151,"date":"2021-01-21T18:14:49","date_gmt":"2021-01-21T18:14:49","guid":{"rendered":"https:\/\/clarafruehstueck.com\/portfolio\/schwarzer-pilot-i-unravel_positions\/"},"modified":"2021-01-21T18:14:49","modified_gmt":"2021-01-21T18:14:49","slug":"schwarzer-pilot-i-unravel_positions","status":"publish","type":"portfolio","link":"https:\/\/clarafruehstueck.com\/en\/portfolio\/schwarzer-pilot-i-unravel_positions\/","title":{"rendered":"Schwarzer Pilot I unravel_positions"},"content":{"rendered":"<div>\n<p><a href=\"\/portfolios\/\">Back to overview<\/a><\/p>\n<\/div>\n<ul>\n<li>\n<p>        <img decoding=\"async\" src=\"\/wp-content\/uploads\/2021\/01\/84FF49D4-419B-4DD3-94DD-10BA63674D14.jpg\" alt=\"\"><\/p>\n<\/li>\n<li>\n<p>        <img decoding=\"async\" src=\"\/wp-content\/uploads\/2021\/01\/IMG_0541.jpg\" alt=\"\"><\/p>\n<\/li>\n<\/ul>\n<h1>\n<p><strong>SCHWARZER PILOT (UA)<\/strong><\/p>\n<p><strong>unravel_positions\u00a0<\/strong><\/p>\n<p class=\"p1\">Eine choreographische <br \/>\u201eminimal-metal-techno\u201c Komposition<\/p>\n<p class=\"p1\">f\u00fcr einen K\u00f6rper<\/p>\n<\/h1>\n<div>\n<p>Was wir h\u00f6ren ist Bewegung.<\/p>\n<p>Wenn durch Bewegung Klang entsteht, wenn man durch Kl\u00e4nge bewegt wird und durch das H\u00f6ren, das Hineinfallen und Eintauchen in den schwebenden, verebbenden Klang ein Impuls zur n\u00e4chsten Bewegung f\u00fchrt; wenn man alle Konventionen des klassischen Klavierspiels \u00fcber Bord wirft, Positionen ver\u00e4ndert und sich den gesamten Korpus des Pianos mit all seinen \u201eInnereien\u201c einverleibt; wenn sich das Klavier und der menschliche K\u00f6rper verbinden und beide durch die Bewegungen resonieren, Zeit und Rhythmus Nebenrollen spielen; wenn der Klavierklang mit feiner Elektronik erweitert wird, Frequenzen die Resonanz-K\u00f6rper anregen und zum Schwingen bringen; wenn tonale Strukturen in unerwarteten Momenten aufgel\u00f6st und der Klang dort weitergetragen wird, wo er eigentlich endet; wenn Zeitlosigkeit den Raum berauscht; wenn man eintaucht in eine utopische Anders-Zeit und alle k\u00f6rperlichen und psychischen Kr\u00e4fte mit einbezieht, die aus den intimsten Schichten des Seins und der Instinkte der Musizierenden hervortreten \u2013 dann wird der ganze Konzertsaal zu einem K\u00f6rper. Der Besucher betrachtet und h\u00f6rt nicht nur, sondern erf\u00e4hrt sich im Inneren eines bewegten neuen Klang-Zeit-Raums.<\/p>\n<\/div>\n<ul>\n<li>\n<div>\n<p><strong>Clara Fr\u00fchst\u00fcck<\/strong> &#8211; Klavier, Komposition, Performance<\/p>\n<\/div>\n<\/li>\n<li>\n<div>\n<p><b>Samuel Schaab <\/b>&#8211; Komposition, Elektronik<\/p>\n<\/div>\n<\/li>\n<li>\n<div>\n<p><b>Brigitte Wilfing &#8211; choreographische Assistenz<\/b><\/p>\n<\/div>\n<\/li>\n<\/ul>\n<div>\n<\/div>\n<p><!-- {\"name\":\"Portfolio-2\",\"type\":\"layout\",\"children\":[{\"name\":\"Hero\",\"type\":\"section\",\"props\":{\"style\":\"secondary\",\"width\":\"large\",\"image_position\":\"center-center\",\"image\":\"\",\"header_transparent\":\"dark\",\"image_size\":\"cover\",\"image_width\":\"1920\",\"image_visibility\":\"m\",\"vertical_align\":\"middle\",\"title_position\":\"top-left\",\"title_rotation\":\"left\",\"title_breakpoint\":\"xl\",\"padding_remove_bottom\":false},\"children\":[{\"name\":\"\",\"type\":\"row\",\"children\":[{\"name\":\"\",\"type\":\"column\",\"props\":{\"image_position\":\"center-center\",\"width_medium\":\"1-1\",\"media_overlay_gradient\":\"\"},\"children\":[{\"type\":\"list\",\"props\":{\"show_image\":true,\"show_link\":true,\"list_element\":\"ul\",\"column_breakpoint\":\"m\",\"image_svg_color\":\"emphasis\",\"image_align\":\"left\",\"image_vertical_align\":true,\"icon_color\":\"secondary\",\"link_style\":\"heading\",\"position_left\":\"-110\"},\"children\":[{\"type\":\"list_item\",\"props\":{\"content\":\"Back to overview\",\"icon\":\"thumbnails\",\"link\":\"portfolios\\\/\"}}]},{\"name\":\"\",\"type\":\"slideshow\",\"props\":{\"show_title\":true,\"show_meta\":true,\"show_content\":true,\"show_link\":true,\"show_thumbnail\":true,\"slideshow_min_height\":300,\"slideshow_autoplay_pause\":true,\"nav\":\"dotnav\",\"nav_position\":\"bottom-right\",\"nav_position_margin\":\"medium\",\"nav_align\":\"center\",\"nav_breakpoint\":\"m\",\"thumbnav_width\":\"100\",\"thumbnav_height\":\"75\",\"slidenav\":\"\",\"slidenav_margin\":\"medium\",\"slidenav_breakpoint\":\"s\",\"overlay_position\":\"center-left\",\"overlay_animation\":\"parallax\",\"title_element\":\"h3\",\"meta_style\":\"meta\",\"meta_align\":\"below-title\",\"link_text\":\"Read more\",\"link_style\":\"default\",\"margin\":\"default\",\"text_color\":\"light\",\"slideshow_ratio\":\"1421:679\",\"nav_vertical\":true,\"slideshow_animation\":\"pull\",\"slideshow_autoplay\":true,\"slideshow_velocity\":1,\"slidenav_outside_breakpoint\":\"xl\",\"image_width\":\"1500\",\"thumbnav_svg_color\":\"emphasis\",\"meta_element\":\"div\",\"slideshow_kenburns\":\"center-center\",\"slideshow_kenburns_duration\":\"30\",\"slideshow_autoplay_interval\":\"7\"},\"children\":[{\"name\":\"\",\"type\":\"slideshow_item\",\"props\":{\"image\":\"wp-content\\\/uploads\\\/2021\\\/01\\\/84FF49D4-419B-4DD3-94DD-10BA63674D14.jpg\"}},{\"name\":\"\",\"type\":\"slideshow_item\",\"props\":{\"image\":\"wp-content\\\/uploads\\\/2021\\\/01\\\/IMG_0541.jpg\"}}]}]}]}]},{\"type\":\"section\",\"props\":{\"style\":\"secondary\",\"width\":\"default\",\"vertical_align\":\"middle\",\"title_position\":\"top-left\",\"title_rotation\":\"left\",\"title_breakpoint\":\"xl\",\"image_position\":\"center-center\",\"padding_remove_top\":true},\"children\":[{\"name\":\"\",\"type\":\"row\",\"props\":{\"width\":\"small\",\"margin\":\"xlarge\"},\"children\":[{\"name\":\"\",\"type\":\"column\",\"props\":{\"image_position\":\"center-center\",\"width_medium\":\"1-1\",\"media_overlay_gradient\":\"\"},\"children\":[{\"name\":\"\",\"type\":\"headline\",\"props\":{\"title_element\":\"h1\",\"content\":\"\n\n<p><strong>SCHWARZER PILOT (UA)<\\\/strong><\\\/p>\\n\n\n<p><strong>unravel_positions\\u00a0<\\\/strong><\\\/p>\\n\n\n<p class=\\\"p1\\\">Eine choreographische <br \\\/>\\u201eminimal-metal-techno\\u201c Komposition<\\\/p>\\n\n\n<p class=\\\"p1\\\">f\\u00fcr einen K\\u00f6rper<\\\/p>\",\"margin\":\"large\",\"class\":\"\"}},{\"name\":\"\",\"type\":\"text\",\"props\":{\"column_breakpoint\":\"m\",\"margin\":\"default\",\"content\":\"\n\n<p>Was wir h\\u00f6ren ist Bewegung.<\\\/p>\\n\n\n<p>Wenn durch Bewegung Klang entsteht, wenn man durch Kl\\u00e4nge bewegt wird und durch das H\\u00f6ren, das Hineinfallen und Eintauchen in den schwebenden, verebbenden Klang ein Impuls zur n\\u00e4chsten Bewegung f\\u00fchrt; wenn man alle Konventionen des klassischen Klavierspiels \\u00fcber Bord wirft, Positionen ver\\u00e4ndert und sich den gesamten Korpus des Pianos mit all seinen \\u201eInnereien\\u201c einverleibt; wenn sich das Klavier und der menschliche K\\u00f6rper verbinden und beide durch die Bewegungen resonieren, Zeit und Rhythmus Nebenrollen spielen; wenn der Klavierklang mit feiner Elektronik erweitert wird, Frequenzen die Resonanz-K\\u00f6rper anregen und zum Schwingen bringen; wenn tonale Strukturen in unerwarteten Momenten aufgel\\u00f6st und der Klang dort weitergetragen wird, wo er eigentlich endet; wenn Zeitlosigkeit den Raum berauscht; wenn man eintaucht in eine utopische Anders-Zeit und alle k\\u00f6rperlichen und psychischen Kr\\u00e4fte mit einbezieht, die aus den intimsten Schichten des Seins und der Instinkte der Musizierenden hervortreten \\u2013 dann wird der ganze Konzertsaal zu einem K\\u00f6rper. Der Besucher betrachtet und h\\u00f6rt nicht nur, sondern erf\\u00e4hrt sich im Inneren eines bewegten neuen Klang-Zeit-Raums.<\\\/p>\",\"dropcap\":false,\"column\":\"1-2\"}},{\"name\":\"\",\"type\":\"text\",\"props\":{\"column_breakpoint\":\"m\",\"margin\":\"medium\",\"content\":\"\"}}]}]}]},{\"name\":\"Pricing Basic\",\"type\":\"section\",\"props\":{\"style\":\"secondary\",\"width\":\"small\",\"image_position\":\"top-center\",\"image\":\"\",\"image_effect\":\"parallax\",\"image_parallax_bgy_start\":\"80\",\"padding\":\"large\",\"image_width\":\"1200\",\"image_height\":\"210\",\"image_parallax_bgy_end\":\"-150\",\"image_visibility\":\"l\",\"vertical_align\":\"middle\",\"title_position\":\"top-left\",\"title_rotation\":\"left\",\"title_breakpoint\":\"xl\",\"padding_remove_top\":true},\"children\":[{\"name\":\"\",\"type\":\"row\",\"children\":[{\"name\":\"\",\"type\":\"column\",\"props\":{\"image_position\":\"center-center\",\"width_medium\":\"1-1\",\"media_overlay_gradient\":\"\"},\"children\":[{\"name\":\"\",\"type\":\"headline\",\"props\":{\"title_element\":\"h2\",\"content\":\"\",\"maxwidth\":\"small\",\"title_style\":\"h3\"}},{\"name\":\"\",\"type\":\"text\",\"props\":{\"column_breakpoint\":\"m\",\"margin\":\"medium\",\"content\":\"\",\"margin_remove_top\":true}},{\"name\":\"\",\"type\":\"list\",\"props\":{\"show_image\":true,\"show_link\":true,\"image_align\":\"left\",\"list_size\":\"\",\"content_style\":null,\"list_element\":\"ul\",\"column_breakpoint\":\"m\",\"image_svg_color\":\"emphasis\",\"image_vertical_align\":true,\"icon\":\"user\"},\"children\":[{\"name\":\"\",\"type\":\"list_item\",\"props\":{\"content\":\"\n\n<p><strong>Clara Fr\\u00fchst\\u00fcck<\\\/strong> - Klavier, Komposition, Performance<\\\/p>\",\"icon\":\"\"}},{\"name\":\"\",\"type\":\"list_item\",\"props\":{\"content\":\"\n\n<p><b>Samuel Schaab <\\\/b>- Komposition, Elektronik<\\\/p>\",\"icon\":\"\"}},{\"name\":\"\",\"type\":\"list_item\",\"props\":{\"content\":\"\n\n<p><b>Brigitte Wilfing - choreographische Assistenz<\\\/b><\\\/p>\",\"icon\":\"\"}}]}]}]},{\"type\":\"row\",\"children\":[{\"type\":\"column\",\"props\":{\"image_position\":\"center-center\",\"media_overlay_gradient\":\"\"},\"children\":[{\"type\":\"html\",\"props\":{\"content\":\"[embedyt]https:\\\/\\\/https:\\\/\\\/https:\\\/\\\/www.youtube.com\\\/watch v=veyFFwU7Nm8&feature=youtu.be&ab_channel=ClaraFr%C3%BChst%C3%BCck[\\\/embedyt]\"}}]}]},{\"type\":\"row\",\"children\":[{\"type\":\"column\",\"props\":{\"image_position\":\"center-center\",\"media_overlay_gradient\":\"\",\"width_medium\":\"\"},\"children\":[{\"type\":\"Prev-Next\"}]}]}]}],\"version\":\"2.3.16\"} --><\/p>\n","protected":false},"menu_order":1,"template":"","class_list":["post-1151","portfolio","type-portfolio","status-publish","hentry"],"acf":[],"yoast_head":"<!-- This site is optimized with the Yoast SEO plugin v27.5 - https:\/\/yoast.com\/product\/yoast-seo-wordpress\/ -->\n<title>Schwarzer Pilot I unravel_positions - CLARA FR\u00dcHST\u00dcCK<\/title>\n<meta name=\"robots\" content=\"index, follow, max-snippet:-1, max-image-preview:large, max-video-preview:-1\" \/>\n<link rel=\"canonical\" href=\"https:\/\/clarafruehstueck.com\/en\/portfolio\/schwarzer-pilot-i-unravel_positions\/\" \/>\n<meta property=\"og:locale\" content=\"en_US\" \/>\n<meta property=\"og:type\" content=\"article\" \/>\n<meta property=\"og:title\" content=\"Schwarzer Pilot I unravel_positions - CLARA FR\u00dcHST\u00dcCK\" \/>\n<meta property=\"og:description\" content=\"Back to overview SCHWARZER PILOT (UA) unravel_positions\u00a0 Eine choreographische \u201eminimal-metal-techno\u201c Komposition f\u00fcr einen K\u00f6rper Was wir h\u00f6ren ist Bewegung. Wenn durch Bewegung Klang entsteht, wenn man durch Kl\u00e4nge bewegt wird und durch das H\u00f6ren, das Hineinfallen und Eintauchen in den schwebenden, verebbenden Klang ein Impuls zur n\u00e4chsten Bewegung f\u00fchrt; wenn man alle Konventionen des klassischen [&hellip;]\" \/>\n<meta property=\"og:url\" content=\"https:\/\/clarafruehstueck.com\/en\/portfolio\/schwarzer-pilot-i-unravel_positions\/\" \/>\n<meta property=\"og:site_name\" content=\"CLARA FR\u00dcHST\u00dcCK\" \/>\n<meta name=\"twitter:card\" content=\"summary_large_image\" \/>\n<meta name=\"twitter:label1\" content=\"Est. reading time\" \/>\n\t<meta name=\"twitter:data1\" content=\"1 minute\" \/>\n<script type=\"application\/ld+json\" class=\"yoast-schema-graph\">{\"@context\":\"https:\\\/\\\/schema.org\",\"@graph\":[{\"@type\":\"WebPage\",\"@id\":\"https:\\\/\\\/clarafruehstueck.com\\\/en\\\/portfolio\\\/schwarzer-pilot-i-unravel_positions\\\/\",\"url\":\"https:\\\/\\\/clarafruehstueck.com\\\/en\\\/portfolio\\\/schwarzer-pilot-i-unravel_positions\\\/\",\"name\":\"Schwarzer Pilot I unravel_positions - CLARA FR\u00dcHST\u00dcCK\",\"isPartOf\":{\"@id\":\"https:\\\/\\\/clarafruehstueck.com\\\/#website\"},\"datePublished\":\"2021-01-21T18:14:49+00:00\",\"breadcrumb\":{\"@id\":\"https:\\\/\\\/clarafruehstueck.com\\\/en\\\/portfolio\\\/schwarzer-pilot-i-unravel_positions\\\/#breadcrumb\"},\"inLanguage\":\"en-US\",\"potentialAction\":[{\"@type\":\"ReadAction\",\"target\":[\"https:\\\/\\\/clarafruehstueck.com\\\/en\\\/portfolio\\\/schwarzer-pilot-i-unravel_positions\\\/\"]}]},{\"@type\":\"BreadcrumbList\",\"@id\":\"https:\\\/\\\/clarafruehstueck.com\\\/en\\\/portfolio\\\/schwarzer-pilot-i-unravel_positions\\\/#breadcrumb\",\"itemListElement\":[{\"@type\":\"ListItem\",\"position\":1,\"name\":\"Home\",\"item\":\"https:\\\/\\\/clarafruehstueck.com\\\/en\\\/\"},{\"@type\":\"ListItem\",\"position\":2,\"name\":\"Schwarzer Pilot I unravel_positions\"}]},{\"@type\":\"WebSite\",\"@id\":\"https:\\\/\\\/clarafruehstueck.com\\\/#website\",\"url\":\"https:\\\/\\\/clarafruehstueck.com\\\/\",\"name\":\"CLARA FR\u00dcHST\u00dcCK\",\"description\":\"&quot;PIANISTIN AUS LEIDENSCHAFT &amp; SPINNERIN MIT LEIB UND SEELE&quot;\",\"publisher\":{\"@id\":\"https:\\\/\\\/clarafruehstueck.com\\\/#organization\"},\"potentialAction\":[{\"@type\":\"SearchAction\",\"target\":{\"@type\":\"EntryPoint\",\"urlTemplate\":\"https:\\\/\\\/clarafruehstueck.com\\\/?s={search_term_string}\"},\"query-input\":{\"@type\":\"PropertyValueSpecification\",\"valueRequired\":true,\"valueName\":\"search_term_string\"}}],\"inLanguage\":\"en-US\"},{\"@type\":\"Organization\",\"@id\":\"https:\\\/\\\/clarafruehstueck.com\\\/#organization\",\"name\":\"Clara Fruehstuec\",\"url\":\"https:\\\/\\\/clarafruehstueck.com\\\/\",\"logo\":{\"@type\":\"ImageObject\",\"inLanguage\":\"en-US\",\"@id\":\"https:\\\/\\\/clarafruehstueck.com\\\/#\\\/schema\\\/logo\\\/image\\\/\",\"url\":\"https:\\\/\\\/clarafruehstueck.com\\\/wp-content\\\/uploads\\\/2021\\\/02\\\/favicon.png\",\"contentUrl\":\"https:\\\/\\\/clarafruehstueck.com\\\/wp-content\\\/uploads\\\/2021\\\/02\\\/favicon.png\",\"width\":50,\"height\":50,\"caption\":\"Clara Fruehstuec\"},\"image\":{\"@id\":\"https:\\\/\\\/clarafruehstueck.com\\\/#\\\/schema\\\/logo\\\/image\\\/\"}}]}<\/script>\n<!-- \/ Yoast SEO plugin. -->","yoast_head_json":{"title":"Schwarzer Pilot I unravel_positions - CLARA FR\u00dcHST\u00dcCK","robots":{"index":"index","follow":"follow","max-snippet":"max-snippet:-1","max-image-preview":"max-image-preview:large","max-video-preview":"max-video-preview:-1"},"canonical":"https:\/\/clarafruehstueck.com\/en\/portfolio\/schwarzer-pilot-i-unravel_positions\/","og_locale":"en_US","og_type":"article","og_title":"Schwarzer Pilot I unravel_positions - CLARA FR\u00dcHST\u00dcCK","og_description":"Back to overview SCHWARZER PILOT (UA) unravel_positions\u00a0 Eine choreographische \u201eminimal-metal-techno\u201c Komposition f\u00fcr einen K\u00f6rper Was wir h\u00f6ren ist Bewegung. Wenn durch Bewegung Klang entsteht, wenn man durch Kl\u00e4nge bewegt wird und durch das H\u00f6ren, das Hineinfallen und Eintauchen in den schwebenden, verebbenden Klang ein Impuls zur n\u00e4chsten Bewegung f\u00fchrt; wenn man alle Konventionen des klassischen [&hellip;]","og_url":"https:\/\/clarafruehstueck.com\/en\/portfolio\/schwarzer-pilot-i-unravel_positions\/","og_site_name":"CLARA FR\u00dcHST\u00dcCK","twitter_card":"summary_large_image","twitter_misc":{"Est. reading time":"1 minute"},"schema":{"@context":"https:\/\/schema.org","@graph":[{"@type":"WebPage","@id":"https:\/\/clarafruehstueck.com\/en\/portfolio\/schwarzer-pilot-i-unravel_positions\/","url":"https:\/\/clarafruehstueck.com\/en\/portfolio\/schwarzer-pilot-i-unravel_positions\/","name":"Schwarzer Pilot I unravel_positions - CLARA FR\u00dcHST\u00dcCK","isPartOf":{"@id":"https:\/\/clarafruehstueck.com\/#website"},"datePublished":"2021-01-21T18:14:49+00:00","breadcrumb":{"@id":"https:\/\/clarafruehstueck.com\/en\/portfolio\/schwarzer-pilot-i-unravel_positions\/#breadcrumb"},"inLanguage":"en-US","potentialAction":[{"@type":"ReadAction","target":["https:\/\/clarafruehstueck.com\/en\/portfolio\/schwarzer-pilot-i-unravel_positions\/"]}]},{"@type":"BreadcrumbList","@id":"https:\/\/clarafruehstueck.com\/en\/portfolio\/schwarzer-pilot-i-unravel_positions\/#breadcrumb","itemListElement":[{"@type":"ListItem","position":1,"name":"Home","item":"https:\/\/clarafruehstueck.com\/en\/"},{"@type":"ListItem","position":2,"name":"Schwarzer Pilot I unravel_positions"}]},{"@type":"WebSite","@id":"https:\/\/clarafruehstueck.com\/#website","url":"https:\/\/clarafruehstueck.com\/","name":"CLARA FR\u00dcHST\u00dcCK","description":"&quot;PIANISTIN AUS LEIDENSCHAFT &amp; SPINNERIN MIT LEIB UND SEELE&quot;","publisher":{"@id":"https:\/\/clarafruehstueck.com\/#organization"},"potentialAction":[{"@type":"SearchAction","target":{"@type":"EntryPoint","urlTemplate":"https:\/\/clarafruehstueck.com\/?s={search_term_string}"},"query-input":{"@type":"PropertyValueSpecification","valueRequired":true,"valueName":"search_term_string"}}],"inLanguage":"en-US"},{"@type":"Organization","@id":"https:\/\/clarafruehstueck.com\/#organization","name":"Clara Fruehstuec","url":"https:\/\/clarafruehstueck.com\/","logo":{"@type":"ImageObject","inLanguage":"en-US","@id":"https:\/\/clarafruehstueck.com\/#\/schema\/logo\/image\/","url":"https:\/\/clarafruehstueck.com\/wp-content\/uploads\/2021\/02\/favicon.png","contentUrl":"https:\/\/clarafruehstueck.com\/wp-content\/uploads\/2021\/02\/favicon.png","width":50,"height":50,"caption":"Clara Fruehstuec"},"image":{"@id":"https:\/\/clarafruehstueck.com\/#\/schema\/logo\/image\/"}}]}},"_links":{"self":[{"href":"https:\/\/clarafruehstueck.com\/en\/wp-json\/wp\/v2\/Portfolios\/1151","targetHints":{"allow":["GET"]}}],"collection":[{"href":"https:\/\/clarafruehstueck.com\/en\/wp-json\/wp\/v2\/Portfolios"}],"about":[{"href":"https:\/\/clarafruehstueck.com\/en\/wp-json\/wp\/v2\/types\/portfolio"}],"wp:attachment":[{"href":"https:\/\/clarafruehstueck.com\/en\/wp-json\/wp\/v2\/media?parent=1151"}],"curies":[{"name":"wp","href":"https:\/\/api.w.org\/{rel}","templated":true}]}}